{"id":49,"date":"2017-09-27T00:20:33","date_gmt":"2017-09-26T22:20:33","guid":{"rendered":"http:\/\/duchenettroyes.fr\/?page_id=49"},"modified":"2018-04-24T15:44:49","modified_gmt":"2018-04-24T13:44:49","slug":"gite-2eme-etage","status":"publish","type":"page","link":"https:\/\/duchenettroyes.fr\/index.php\/gite-2eme-etage\/","title":{"rendered":"La terrasse du c\u00e8dre"},"content":{"rendered":"<div id=\"metaslider-id-226\" style=\"max-width: 800px;\" class=\"ml-slider-3-108-0 metaslider metaslider-flex metaslider-226 ml-slider has-dots-nav ms-theme-default\" role=\"region\" aria-label=\"G\u00eete 2\" data-height=\"600\" data-width=\"800\">\n    <div id=\"metaslider_container_226\">\n        <div id=\"metaslider_226\">\n            <ul class='slides'>\n                <li style=\"display: block; width: 100%;\" class=\"slide-230 ms-image \" aria-roledescription=\"slide\" data-date=\"2017-12-01 14:04:49\" data-filename=\"plan-g\u00eete-2-800x600.png\" data-slide-type=\"image\"><img loading=\"lazy\" decoding=\"async\" src=\"https:\/\/duchenettroyes.fr\/wp-content\/uploads\/2017\/12\/plan-g\u00eete-2-800x600.png\" height=\"600\" width=\"800\" alt=\"\" class=\"slider-226 slide-230 msDefaultImage\" \/><\/li>\n                <li style=\"display: none; width: 100%;\" class=\"slide-227 ms-image \" aria-roledescription=\"slide\" data-date=\"2017-12-01 14:04:49\" data-filename=\"2-ENTREES-INDEPENDANTES-800x600.jpg\" data-slide-type=\"image\"><img loading=\"lazy\" decoding=\"async\" src=\"https:\/\/duchenettroyes.fr\/wp-content\/uploads\/2017\/11\/2-ENTREES-INDEPENDANTES-800x600.jpg\" height=\"600\" width=\"800\" alt=\"\" class=\"slider-226 slide-227 msDefaultImage\" \/><\/li>\n                <li style=\"display: none; width: 100%;\" class=\"slide-228 ms-image \" aria-roledescription=\"slide\" data-date=\"2017-12-01 14:04:49\" data-filename=\"IMG_8834-667x500.jpg\" data-slide-type=\"image\"><img loading=\"lazy\" decoding=\"async\" src=\"https:\/\/duchenettroyes.fr\/wp-content\/uploads\/2017\/11\/IMG_8834-667x500.jpg\" height=\"600\" width=\"800\" alt=\"\" class=\"slider-226 slide-228 msDefaultImage\" \/><\/li>\n                <li style=\"display: none; width: 100%;\" class=\"slide-231 ms-image \" aria-roledescription=\"slide\" data-date=\"2017-12-01 14:04:49\" data-filename=\"maison-palier-gite-800x600.jpg\" data-slide-type=\"image\"><img loading=\"lazy\" decoding=\"async\" src=\"https:\/\/duchenettroyes.fr\/wp-content\/uploads\/2017\/03\/maison-palier-gite-800x600.jpg\" height=\"600\" width=\"800\" alt=\"\" class=\"slider-226 slide-231 msDefaultImage\" \/><\/li>\n                <li style=\"display: none; width: 100%;\" class=\"slide-318 ms-image \" aria-roledescription=\"slide\" data-date=\"2017-12-01 15:52:20\" data-filename=\"web-768x576.jpg\" data-slide-type=\"image\"><img loading=\"lazy\" decoding=\"async\" src=\"https:\/\/duchenettroyes.fr\/wp-content\/uploads\/2017\/12\/web-768x576.jpg\" height=\"600\" width=\"800\" alt=\"\" class=\"slider-226 slide-318 msDefaultImage\" \/><\/li>\n                <li style=\"display: none; width: 100%;\" class=\"slide-319 ms-image \" aria-roledescription=\"slide\" data-date=\"2017-12-01 15:52:20\" data-filename=\"salon-450x338.jpg\" data-slide-type=\"image\"><img loading=\"lazy\" decoding=\"async\" src=\"https:\/\/duchenettroyes.fr\/wp-content\/uploads\/2017\/12\/salon-450x338.jpg\" height=\"600\" width=\"800\" alt=\"\" class=\"slider-226 slide-319 msDefaultImage\" \/><\/li>\n                <li style=\"display: none; width: 100%;\" class=\"slide-324 ms-image \" aria-roledescription=\"slide\" data-date=\"2017-12-01 15:52:20\" data-filename=\"coin-t\u00e9l\u00e9-salon-533x399.jpg\" data-slide-type=\"image\"><img loading=\"lazy\" decoding=\"async\" src=\"https:\/\/duchenettroyes.fr\/wp-content\/uploads\/2017\/12\/coin-t\u00e9l\u00e9-salon-533x399.jpg\" height=\"600\" width=\"800\" alt=\"\" class=\"slider-226 slide-324 msDefaultImage\" \/><\/li>\n                <li style=\"display: none; width: 100%;\" class=\"slide-333 ms-image \" aria-roledescription=\"slide\" data-date=\"2017-12-01 15:52:21\" data-filename=\"231020111600-800x600.jpg\" data-slide-type=\"image\"><img loading=\"lazy\" decoding=\"async\" src=\"https:\/\/duchenettroyes.fr\/wp-content\/uploads\/2017\/12\/231020111600-800x600.jpg\" height=\"600\" width=\"800\" alt=\"\" class=\"slider-226 slide-333 msDefaultImage\" \/><\/li>\n                <li style=\"display: none; width: 100%;\" class=\"slide-321 ms-image \" aria-roledescription=\"slide\" data-date=\"2017-12-01 15:52:20\" data-filename=\"cuisine-gite-1-800x600.jpg\" data-slide-type=\"image\"><img loading=\"lazy\" decoding=\"async\" src=\"https:\/\/duchenettroyes.fr\/wp-content\/uploads\/2017\/12\/cuisine-gite-1-800x600.jpg\" height=\"600\" width=\"800\" alt=\"\" class=\"slider-226 slide-321 msDefaultImage\" \/><\/li>\n                <li style=\"display: none; width: 100%;\" class=\"slide-323 ms-image \" aria-roledescription=\"slide\" data-date=\"2017-12-01 15:52:20\" data-filename=\"cuisine-frigo-300x225.jpg\" data-slide-type=\"image\"><img loading=\"lazy\" decoding=\"async\" src=\"https:\/\/duchenettroyes.fr\/wp-content\/uploads\/2017\/12\/cuisine-frigo-300x225.jpg\" height=\"600\" width=\"800\" alt=\"\" class=\"slider-226 slide-323 msDefaultImage\" \/><\/li>\n                <li style=\"display: none; width: 100%;\" class=\"slide-331 ms-image \" aria-roledescription=\"slide\" data-date=\"2017-12-01 15:52:21\" data-filename=\"DSC04430-800x600.jpg\" data-slide-type=\"image\"><img loading=\"lazy\" decoding=\"async\" src=\"https:\/\/duchenettroyes.fr\/wp-content\/uploads\/2017\/12\/DSC04430-800x600.jpg\" height=\"600\" width=\"800\" alt=\"\" class=\"slider-226 slide-331 msDefaultImage\" \/><\/li>\n                <li style=\"display: none; width: 100%;\" class=\"slide-330 ms-image \" aria-roledescription=\"slide\" data-date=\"2017-12-01 15:52:21\" data-filename=\"DSC04472-800x600.jpg\" data-slide-type=\"image\"><img loading=\"lazy\" decoding=\"async\" src=\"https:\/\/duchenettroyes.fr\/wp-content\/uploads\/2017\/12\/DSC04472-800x600.jpg\" height=\"600\" width=\"800\" alt=\"\" class=\"slider-226 slide-330 msDefaultImage\" \/><\/li>\n                <li style=\"display: none; width: 100%;\" class=\"slide-329 ms-image \" aria-roledescription=\"slide\" data-date=\"2017-12-01 15:52:21\" data-filename=\"DSC04528-800x600.jpg\" data-slide-type=\"image\"><img loading=\"lazy\" decoding=\"async\" src=\"https:\/\/duchenettroyes.fr\/wp-content\/uploads\/2017\/12\/DSC04528-800x600.jpg\" height=\"600\" width=\"800\" alt=\"\" class=\"slider-226 slide-329 msDefaultImage\" \/><\/li>\n                <li style=\"display: none; width: 100%;\" class=\"slide-326 ms-image \" aria-roledescription=\"slide\" data-date=\"2017-12-01 15:52:20\" data-filename=\"chambre-1-gite-800x600.jpg\" data-slide-type=\"image\"><img loading=\"lazy\" decoding=\"async\" src=\"https:\/\/duchenettroyes.fr\/wp-content\/uploads\/2017\/12\/chambre-1-gite-800x600.jpg\" height=\"600\" width=\"800\" alt=\"\" class=\"slider-226 slide-326 msDefaultImage\" \/><\/li>\n                <li style=\"display: none; width: 100%;\" class=\"slide-325 ms-image \" aria-roledescription=\"slide\" data-date=\"2017-12-01 15:52:20\" data-filename=\"chambre-lit-double-533x399.jpg\" data-slide-type=\"image\"><img loading=\"lazy\" decoding=\"async\" src=\"https:\/\/duchenettroyes.fr\/wp-content\/uploads\/2017\/12\/chambre-lit-double-533x399.jpg\" height=\"600\" width=\"800\" alt=\"\" class=\"slider-226 slide-325 msDefaultImage\" \/><\/li>\n                <li style=\"display: none; width: 100%;\" class=\"slide-327 ms-image \" aria-roledescription=\"slide\" data-date=\"2017-12-01 15:52:20\" data-filename=\"sdb.jpg\" data-slide-type=\"image\"><img loading=\"lazy\" decoding=\"async\" src=\"https:\/\/duchenettroyes.fr\/wp-content\/uploads\/2017\/12\/sdb.jpg\" height=\"600\" width=\"800\" alt=\"\" class=\"slider-226 slide-327 msDefaultImage\" \/><\/li>\n                <li style=\"display: none; width: 100%;\" class=\"slide-322 ms-image \" aria-roledescription=\"slide\" data-date=\"2017-12-01 15:52:20\" data-filename=\"douche-da15a-450x337.jpg\" data-slide-type=\"image\"><img loading=\"lazy\" decoding=\"async\" src=\"https:\/\/duchenettroyes.fr\/wp-content\/uploads\/2017\/12\/douche-da15a-450x337.jpg\" height=\"600\" width=\"800\" alt=\"\" class=\"slider-226 slide-322 msDefaultImage\" \/><\/li>\n                <li style=\"display: none; width: 100%;\" class=\"slide-491 ms-image \" aria-roledescription=\"slide\" data-date=\"2021-07-08 18:40:00\" data-filename=\"IMG_5292-800x600.jpg\" data-slide-type=\"image\"><img loading=\"lazy\" decoding=\"async\" src=\"https:\/\/duchenettroyes.fr\/wp-content\/uploads\/2021\/07\/IMG_5292-800x600.jpg\" height=\"600\" width=\"800\" alt=\"\" class=\"slider-226 slide-491 msDefaultImage\" title=\"IMG_5292\" \/><\/li>\n                <li style=\"display: none; width: 100%;\" class=\"slide-493 ms-image \" aria-roledescription=\"slide\" data-date=\"2021-07-08 18:40:00\" data-filename=\"IMG_5353-800x600.jpg\" data-slide-type=\"image\"><img loading=\"lazy\" decoding=\"async\" src=\"https:\/\/duchenettroyes.fr\/wp-content\/uploads\/2021\/07\/IMG_5353-800x600.jpg\" height=\"600\" width=\"800\" alt=\"\" class=\"slider-226 slide-493 msDefaultImage\" title=\"IMG_5353\" \/><\/li>\n                <li style=\"display: none; width: 100%;\" class=\"slide-494 ms-image \" aria-roledescription=\"slide\" data-date=\"2021-07-08 18:40:00\" data-filename=\"IMG_5354-800x600.jpg\" data-slide-type=\"image\"><img loading=\"lazy\" decoding=\"async\" src=\"https:\/\/duchenettroyes.fr\/wp-content\/uploads\/2021\/07\/IMG_5354-800x600.jpg\" height=\"600\" width=\"800\" alt=\"\" class=\"slider-226 slide-494 msDefaultImage\" title=\"IMG_5354\" \/><\/li>\n                <li style=\"display: none; width: 100%;\" class=\"slide-497 ms-image \" aria-roledescription=\"slide\" data-date=\"2021-07-08 18:40:01\" data-filename=\"IMG_5357-2-800x600.jpg\" data-slide-type=\"image\"><img loading=\"lazy\" decoding=\"async\" src=\"https:\/\/duchenettroyes.fr\/wp-content\/uploads\/2021\/07\/IMG_5357-2-800x600.jpg\" height=\"600\" width=\"800\" alt=\"\" class=\"slider-226 slide-497 msDefaultImage\" title=\"IMG_5357 2\" \/><\/li>\n                <li style=\"display: none; width: 100%;\" class=\"slide-499 ms-image \" aria-roledescription=\"slide\" data-date=\"2021-07-08 18:48:27\" data-filename=\"IMG_5358-800x600.jpg\" data-slide-type=\"image\"><img loading=\"lazy\" decoding=\"async\" src=\"https:\/\/duchenettroyes.fr\/wp-content\/uploads\/2021\/07\/IMG_5358-800x600.jpg\" height=\"600\" width=\"800\" alt=\"\" class=\"slider-226 slide-499 msDefaultImage\" title=\"IMG_5358\" \/><\/li>\n                <li style=\"display: none; width: 100%;\" class=\"slide-495 ms-image \" aria-roledescription=\"slide\" data-date=\"2021-07-08 18:40:01\" data-filename=\"IMG_5355-800x600.jpg\" data-slide-type=\"image\"><img loading=\"lazy\" decoding=\"async\" src=\"https:\/\/duchenettroyes.fr\/wp-content\/uploads\/2021\/07\/IMG_5355-800x600.jpg\" height=\"600\" width=\"800\" alt=\"\" class=\"slider-226 slide-495 msDefaultImage\" title=\"IMG_5355\" \/><\/li>\n            <\/ul>\n        <\/div>\n        \n    <\/div>\n<\/div>\n<p>Planning des disponibilit\u00e9s pour le g\u00eete du 2\u00e8me \u00e9tage :<br \/>\n<iframe loading=\"lazy\" style=\"overflow: auto; -webkit-overflow-scrolling: touch; border: none;\" src=\"https:\/\/widget.itea.fr\/widget.php?key=df58wg58&amp;numgite=422106&amp;widget-itea=dispo&amp;nbmois=12&amp;nbmois-ligne=3&amp;clicsurcalendrier=1\" width=\"100%\" height=\"500\"><\/iframe><\/p>\n<p><a href=\"https:\/\/www.gites-de-france-isere.com\/location-vacances-Gite-Saint-Martin-a-Saint-martin-d-uriage-38G422106.html\" target=\"_blank\" rel=\"noopener\"><br \/>\n<img loading=\"lazy\" decoding=\"async\" class=\"aligncenter wp-image-364 \" src=\"https:\/\/duchenettroyes.fr\/wp-content\/uploads\/2018\/04\/reservez-300x59.png\" alt=\"\" width=\"264\" height=\"52\" srcset=\"https:\/\/duchenettroyes.fr\/wp-content\/uploads\/2018\/04\/reservez-300x59.png 300w, https:\/\/duchenettroyes.fr\/wp-content\/uploads\/2018\/04\/reservez-768x150.png 768w, https:\/\/duchenettroyes.fr\/wp-content\/uploads\/2018\/04\/reservez.png 1024w\" sizes=\"auto, (max-width: 264px) 100vw, 264px\" \/><\/a><br \/>\nAvis des locataires pr\u00e9c\u00e9dents<br \/>\n<iframe loading=\"lazy\" style=\"overflow: auto; -webkit-overflow-scrolling: touch; border: none;\" src=\"https:\/\/widget.itea.fr\/widget.php?key=df58wg58&amp;numGite=422106&amp;widget-itea=avis\" width=\"100%\" height=\"500\"><\/iframe><\/p>\n","protected":false},"excerpt":{"rendered":"<p>Planning des disponibilit\u00e9s pour le g\u00eete du 2\u00e8me \u00e9tage : Avis des locataires pr\u00e9c\u00e9dents<\/p>\n","protected":false},"author":1,"featured_media":95,"parent":0,"menu_order":0,"comment_status":"closed","ping_status":"closed","template":"","meta":{"footnotes":""},"class_list":["post-49","page","type-page","status-publish","has-post-thumbnail","hentry"],"_links":{"self":[{"href":"https:\/\/duchenettroyes.fr\/index.php\/wp-json\/wp\/v2\/pages\/49","targetHints":{"allow":["GET"]}}],"collection":[{"href":"https:\/\/duchenettroyes.fr\/index.php\/wp-json\/wp\/v2\/pages"}],"about":[{"href":"https:\/\/duchenettroyes.fr\/index.php\/wp-json\/wp\/v2\/types\/page"}],"author":[{"embeddable":true,"href":"https:\/\/duchenettroyes.fr\/index.php\/wp-json\/wp\/v2\/users\/1"}],"replies":[{"embeddable":true,"href":"https:\/\/duchenettroyes.fr\/index.php\/wp-json\/wp\/v2\/comments?post=49"}],"version-history":[{"count":11,"href":"https:\/\/duchenettroyes.fr\/index.php\/wp-json\/wp\/v2\/pages\/49\/revisions"}],"predecessor-version":[{"id":386,"href":"https:\/\/duchenettroyes.fr\/index.php\/wp-json\/wp\/v2\/pages\/49\/revisions\/386"}],"wp:featuredmedia":[{"embeddable":true,"href":"https:\/\/duchenettroyes.fr\/index.php\/wp-json\/wp\/v2\/media\/95"}],"wp:attachment":[{"href":"https:\/\/duchenettroyes.fr\/index.php\/wp-json\/wp\/v2\/media?parent=49"}],"curies":[{"name":"wp","href":"https:\/\/api.w.org\/{rel}","templated":true}]}}